{"id":25858,"date":"2022-10-20T17:34:36","date_gmt":"2022-10-20T15:34:36","guid":{"rendered":"https:\/\/www.urbanphotoawards.com\/?post_type=event&#038;p=25858"},"modified":"2023-09-08T14:01:31","modified_gmt":"2023-09-08T12:01:31","slug":"urban-2022-porec-museum-exhibition-prize","status":"publish","type":"event","link":"https:\/\/www.urbanphotoawards.com\/en\/events\/urban-2022-porec-museum-exhibition-prize\/","title":{"rendered":"URBAN 2022: Pore\u010d Museum exhibition prize"},"content":{"rendered":"<div class=\"em em-view-container\" id=\"em-view-2022059188\" data-view=\"event\">\r\n\t<div class=\"em pixelbones em-item em-item-single em-event em-event-single em-event-37\" id=\"em-event-2022059188\" data-view-id=\"2022059188\">\r\n\t\t<div class=\"cat__event photo-days-tour\">\r\n\t<span>Photo Days Tour<\/span>\r\n<\/div>\r\n\r\n<div class=\"singleevent__general\">\r\n\t<div>\t\t\t<div class=\"em em-location-map-container\" style=\"position:relative; width:400px; height: 300px;\">\r\n\t\t\t\t<div class='em-location-map' id='em-location-map-529578269' style=\"width: 100%; height: 100%;\">\r\n\t\t\t\t\t<div class=\"em-loading-maps\">\r\n\t\t\t\t\t\t<span>Loading Map....<\/span>\r\n\t\t\t\t\t\t<svg xmlns=\"http:\/\/www.w3.org\/2000\/svg\" xmlns:xlink=\"http:\/\/www.w3.org\/1999\/xlink\" style=\"margin: auto; background: none; display: block; shape-rendering: auto;\" width=\"200px\" height=\"200px\" viewBox=\"0 0 100 100\" preserveAspectRatio=\"xMidYMid\">\r\n\t\t\t\t\t\t\t<rect x=\"19.5\" y=\"26\" width=\"11\" height=\"48\" fill=\"#85a2b6\">\r\n\t\t\t\t\t\t\t\t<animate attributeName=\"y\" repeatCount=\"indefinite\" dur=\"1s\" calcMode=\"spline\" keyTimes=\"0;0.5;1\" values=\"2;26;26\" keySplines=\"0 0.5 0.5 1;0 0.5 0.5 1\" begin=\"-0.2s\"><\/animate>\r\n\t\t\t\t\t\t\t\t<animate attributeName=\"height\" repeatCount=\"indefinite\" dur=\"1s\" calcMode=\"spline\" keyTimes=\"0;0.5;1\" values=\"96;48;48\" keySplines=\"0 0.5 0.5 1;0 0.5 0.5 1\" begin=\"-0.2s\"><\/animate>\r\n\t\t\t\t\t\t\t<\/rect>\r\n\t\t\t\t\t\t\t<rect x=\"44.5\" y=\"26\" width=\"11\" height=\"48\" fill=\"#bbcedd\">\r\n\t\t\t\t\t\t\t\t<animate attributeName=\"y\" repeatCount=\"indefinite\" dur=\"1s\" calcMode=\"spline\" keyTimes=\"0;0.5;1\" values=\"8;26;26\" keySplines=\"0 0.5 0.5 1;0 0.5 0.5 1\" begin=\"-0.1s\"><\/animate>\r\n\t\t\t\t\t\t\t\t<animate attributeName=\"height\" repeatCount=\"indefinite\" dur=\"1s\" calcMode=\"spline\" keyTimes=\"0;0.5;1\" values=\"84;48;48\" keySplines=\"0 0.5 0.5 1;0 0.5 0.5 1\" begin=\"-0.1s\"><\/animate>\r\n\t\t\t\t\t\t\t<\/rect>\r\n\t\t\t\t\t\t\t<rect x=\"69.5\" y=\"26\" width=\"11\" height=\"48\" fill=\"#dce4eb\">\r\n\t\t\t\t\t\t\t\t<animate attributeName=\"y\" repeatCount=\"indefinite\" dur=\"1s\" calcMode=\"spline\" keyTimes=\"0;0.5;1\" values=\"8;26;26\" keySplines=\"0 0.5 0.5 1;0 0.5 0.5 1\"><\/animate>\r\n\t\t\t\t\t\t\t\t<animate attributeName=\"height\" repeatCount=\"indefinite\" dur=\"1s\" calcMode=\"spline\" keyTimes=\"0;0.5;1\" values=\"84;48;48\" keySplines=\"0 0.5 0.5 1;0 0.5 0.5 1\"><\/animate>\r\n\t\t\t\t\t\t\t<\/rect>\r\n\t\t\t\t\t\t<\/svg>\r\n\t\t\t\t\t<\/div>\r\n\t\t\t\t<\/div>\r\n\t\t\t<\/div>\r\n\t\t\t<div class='em-location-map-info' id='em-location-map-info-529578269' style=\"display:none; visibility:hidden;\">\r\n\t\t\t\t<div class=\"em-map-balloon\" style=\"font-size:12px;\">\r\n\t\t\t\t\t<div class=\"em-map-balloon-content\" ><strong>Pore\u010d Museum<\/strong><br\/>Decumanus 9 - Pore\u010d<br\/><a href=\"https:\/\/www.urbanphotoawards.com\/en\/locations\/porec-museum\/\">Events<\/a><\/div>\r\n\t\t\t\t<\/div>\r\n\t\t\t<\/div>\r\n\t\t\t<div class='em-location-map-coords' id='em-location-map-coords-529578269' style=\"display:none; visibility:hidden;\">\r\n\t\t\t\t<span class=\"lat\">45.227848<\/span>\r\n\t\t\t\t<span class=\"lng\">13.593276<\/span>\r\n\t\t\t<\/div>\r\n\t\t\t<\/div>\r\n\r\n\t<div class=\"singleevent__content\">\r\n\t\t\r\n\r\n\t\t<div>\r\n\t\t\t<div class=\"singleevent__place\">\r\n\t\t\t\t<strong>Pore\u010d Museum<\/strong>\r\n\t\t\t\t<div class=\"composed__address\">\r\n\t\t\t\t\t<span>Decumanus 9<\/span>\r\n\t\t\t\t\t<span>Pore\u010d<\/span>\r\n\t\t\t\t\t<span>- Croatia<\/span>\r\n\t\t\t\t<\/div>\r\n\t\t\t<\/div>\r\n\t\t<\/div>\r\n\r\n\t\t\r\n\r\n\t\t<div class=\"singleevent__container\">\r\n\t\t\t<span class=\"info__title dates__title\">Period:<\/span>\r\n\t\t\t<div class=\"start__date\">\r\n\t\t\t\t<span class=\"info__subtitle\">Start:<\/span>\r\n\t\t\t\t<span class=\"singleevent__date\">28\/07\/2022 - 31\/08\/2022<\/span>\r\n\t\t\t<\/div>\r\n\t\t\t<div class=\"end__date\">\r\n\t\t\t\t<span class=\"info__subtitle\">End:<\/span>\r\n\t\t\t\t<span class=\"singleevent__date\">28\/07\/2022 - 31\/08\/2022<\/span>\r\n\t\t\t<\/div>\r\n\r\n\t\t\t<div class=\"event__hour\">\r\n\t\t\t\t<span class=\"info__title time__title\">Hours:<\/span>\r\n\t\t\t\t<span>All Day<\/span>\r\n\t\t\t<\/div>\r\n\t\t<\/div>\r\n\t<\/div>\r\n<\/div>\r\n\r\n<br style=\"clear:both\" \/>\r\n<strong>URBAN Photo Awards 2022 exhibition-prize<\/strong> in Pore\u010d (Croatia) will open on Thursday 28 July 2022 at 8 pm at the <a href=\"https:\/\/www.muzejporec.hr\" target=\"_blank\" rel=\"noopener nofollow\"><strong>Pore\u010d Museum <\/strong><\/a>(Zavi\u010dajni Muzej Pore\u0161tine).<\/p>\n<p>Elena Uljan\u010di\u0107, director of the Museum and juror of the competition, has selected two projects for this year\u2019s exhibition: <strong><em>The Last Confession<\/em><\/strong>, by French photographer <strong>Anthony Sala<\/strong>, and <strong><em>Centenarians<\/em><\/strong>, by Italian photographer <strong>Piero Colle<\/strong>.<\/p>\n<p>In <strong><em>The Last Confession<\/em><\/strong> Anthony Sala recounts the abandoned places of worship in France and Italy. <strong><em>Centenarians<\/em><\/strong>, by Piero Colle, is an evocative sequence of portraits of people who have had the great opportunity to reach (and exceed) the century of life.<\/p>\n<p>The double exhibition will be part of the calendar of the <strong>Photo Days Tour 2022<\/strong>, a setting of events that take place outside the city during the <strong>Trieste Photo Days<\/strong> festival. It will be open until 31 August 2022. Opening hours: Monday-Sunday 10.00-22.00.<\/p>\n<div class=\"rgg-container\" data-rgg-id=\"1\">    <div class=\"rgg-imagegrid captions-overlay-hover-show captions-effect-slide_up \" data-rgg-id=\"1\">\n                    <a href=\"https:\/\/www.urbanphotoawards.com\/wp-content\/uploads\/2022\/07\/Anthony-Sala-The-Last-Confession-_P_05.jpg\" data-rel=\"rgglightbox-gallery-0\" rel=\"rgg\"  class=\"rgg-disabled size-large rgg-img rl-gallery-link\"  data-src=\"https:\/\/www.urbanphotoawards.com\/wp-content\/uploads\/2022\/07\/Anthony-Sala-The-Last-Confession-_P_05-1024x683.jpg\" data-ratio=\"1.4992679355783\" data-height=\"683\" data-width=\"1024\" aria-label=\"\" title=\"\" data-rl_title=\"\" data-rl_caption=\"\">\n                <span class=\"rgg-caption-container\"><span class=\"rgg-caption\"><span class=\"rgg-inner-caption\">Anthony Sala - The Last Confession <\/span><\/span><\/span>            <\/a>\n                    <a href=\"https:\/\/www.urbanphotoawards.com\/wp-content\/uploads\/2022\/07\/Anthony-Sala-The-Last-Confession-_P_06.jpg\" data-rel=\"rgglightbox-gallery-0\" rel=\"rgg\"  class=\"rgg-disabled size-large rgg-img rl-gallery-link\"  data-src=\"https:\/\/www.urbanphotoawards.com\/wp-content\/uploads\/2022\/07\/Anthony-Sala-The-Last-Confession-_P_06-1024x683.jpg\" data-ratio=\"1.4992679355783\" data-height=\"683\" data-width=\"1024\" aria-label=\"\" title=\"\" data-rl_title=\"\" data-rl_caption=\"\">\n                <span class=\"rgg-caption-container\"><span class=\"rgg-caption\"><span class=\"rgg-inner-caption\">Anthony Sala - The Last Confession <\/span><\/span><\/span>            <\/a>\n                    <a href=\"https:\/\/www.urbanphotoawards.com\/wp-content\/uploads\/2022\/07\/Piero-Colle-Centenarians-_P_Caterina.jpg\" data-rel=\"rgglightbox-gallery-0\" rel=\"rgg\"  class=\"rgg-disabled size-large rgg-img rl-gallery-link\"  data-src=\"https:\/\/www.urbanphotoawards.com\/wp-content\/uploads\/2022\/07\/Piero-Colle-Centenarians-_P_Caterina-1024x732.jpg\" data-ratio=\"1.3989071038251\" data-height=\"732\" data-width=\"1024\" aria-label=\"\" title=\"\" data-rl_title=\"\" data-rl_caption=\"\">\n                <span class=\"rgg-caption-container\"><span class=\"rgg-caption\"><span class=\"rgg-inner-caption\">Piero Colle - Centenarians <\/span><\/span><\/span>            <\/a>\n                    <a href=\"https:\/\/www.urbanphotoawards.com\/wp-content\/uploads\/2022\/07\/Piero-Colle-Centenarians-_P_Maria.jpg\" data-rel=\"rgglightbox-gallery-0\" rel=\"rgg\"  class=\"rgg-disabled size-large rgg-img rl-gallery-link\"  data-src=\"https:\/\/www.urbanphotoawards.com\/wp-content\/uploads\/2022\/07\/Piero-Colle-Centenarians-_P_Maria-1024x717.jpg\" data-ratio=\"1.4281729428173\" data-height=\"717\" data-width=\"1024\" aria-label=\"\" title=\"\" data-rl_title=\"\" data-rl_caption=\"\">\n                <span class=\"rgg-caption-container\"><span class=\"rgg-caption\"><span class=\"rgg-inner-caption\">Piero Colle - Centenarians <\/span><\/span><\/span>            <\/a>\n            <\/div>\n<\/div>\n<p><strong><u>Winners of past years<\/u><\/strong><\/p>\n<p><strong>2021<\/strong><\/p>\n<ul>\n<li><em>Gotham Memories <\/em>&#8211; Jeff Rothstein (USA)<\/li>\n<\/ul>\n<p><strong>2019<\/strong><\/p>\n<ul>\n<li><em>Urban Vision<\/em> &#8211; Giovanni Paolini (Italy)<\/li>\n<li><em>La Boda <\/em>&#8211; Mariagrazia Beruffi (Italy)<\/li>\n<li><em>Railway Station<\/em> &#8211; Roberto Di Patrizi (Italy)<\/li>\n<\/ul>\n<p><strong>2018<\/strong><\/p>\n<ul>\n<li><em>Gentle Appearances In Tokyo Metropolis<\/em> &#8211; Mitja Kobal (Slovenia)<\/li>\n<li><em>Stray Dog<\/em> &#8211; Sevil Alkan (Turkey)<\/li>\n<li><em>Urban Faces and Fragments<\/em> &#8211; Paolo Maggi (Italy)<\/li>\n<\/ul>\n<p><strong>2017<\/strong><\/p>\n<ul>\n<li><em>Nothing will stop us<\/em> &#8211; Silvia Andrade (Mexico)<\/li>\n<li><em>Nonna Angela (\u201cGrandma Angela\u201d)<\/em> &#8211; Christian Milotic (Italy)<\/li>\n<li><em>A Transporting Experience: Senegal\u2019s Colorful Public Buses Hit The Road<\/em> &#8211; Ricci Shryock (USA)<\/li>\n<\/ul>\n<p><strong>2016<\/strong><\/p>\n<ul>\n<li><em>Kushti <\/em>&#8211; Alain Schroeder (Blegium)<\/li>\n<li><em>Cidade da Garoa<\/em> &#8211; Luca Meola\u00a0 (Italy)<\/li>\n<li><em>Passage<\/em> &#8211; Alphan Yilmazmaden (Turkey)<\/li>\n<\/ul>\n\n\r\n\t<\/div>\r\n<\/div>","protected":false},"excerpt":{"rendered":"<p>28\/07\/2022 &#8211; 31\/08\/2022 @ All Day &#8211; URBAN Photo Awards 2022 exhibition-prize in Pore\u010d (Croatia) will open on Thursday 28 July 2022 at 8 pm at the Pore\u010d Museum (Zavi\u010dajni Muzej Pore\u0161tine). Elena Uljan\u010di\u0107, director of the Museum and juror of the competition, has selected two projects for this year\u2019s exhibition: The Last Confession, by French photographer Anthony Sala, and Centenarians, by [&#8230;]<\/p>\n","protected":false},"author":1,"featured_media":24316,"template":"","meta":[],"event-tags":[574],"event-categories":[571],"acf":[],"_links":{"self":[{"href":"https:\/\/www.urbanphotoawards.com\/en\/wp-json\/wp\/v2\/event\/25858"}],"collection":[{"href":"https:\/\/www.urbanphotoawards.com\/en\/wp-json\/wp\/v2\/event"}],"about":[{"href":"https:\/\/www.urbanphotoawards.com\/en\/wp-json\/wp\/v2\/types\/event"}],"author":[{"embeddable":true,"href":"https:\/\/www.urbanphotoawards.com\/en\/wp-json\/wp\/v2\/users\/1"}],"wp:featuredmedia":[{"embeddable":true,"href":"https:\/\/www.urbanphotoawards.com\/en\/wp-json\/wp\/v2\/media\/24316"}],"wp:attachment":[{"href":"https:\/\/www.urbanphotoawards.com\/en\/wp-json\/wp\/v2\/media?parent=25858"}],"wp:term":[{"taxonomy":"event-tags","embeddable":true,"href":"https:\/\/www.urbanphotoawards.com\/en\/wp-json\/wp\/v2\/event-tags?post=25858"},{"taxonomy":"event-categories","embeddable":true,"href":"https:\/\/www.urbanphotoawards.com\/en\/wp-json\/wp\/v2\/event-categories?post=25858"}],"curies":[{"name":"wp","href":"https:\/\/api.w.org\/{rel}","templated":true}]}}